{"id":6508,"date":"2025-10-09T01:21:17","date_gmt":"2025-10-09T00:21:17","guid":{"rendered":"https:\/\/www.clinicaica.com\/?page_id=6508"},"modified":"2026-03-24T21:02:14","modified_gmt":"2026-03-24T20:02:14","slug":"medicina-integrativa-tenerife","status":"publish","type":"page","link":"https:\/\/www.clinicaica.com\/de\/medicina-integrativa-tenerife\/","title":{"rendered":"Medicina Integrativa en Tenerife"},"content":{"rendered":"<p>[et_pb_section fb_built=\u00bb1&#8243; _builder_version=\u00bb4.27.4&#8243; _module_preset=\u00bbdefault\u00bb custom_padding=\u00bb||0px||false|false\u00bb da_disable_devices=\u00bboff|off|off\u00bb global_colors_info=\u00bb{}\u00bb da_is_popup=\u00bboff\u00bb da_exit_intent=\u00bboff\u00bb da_has_close=\u00bbon\u00bb da_alt_close=\u00bboff\u00bb da_dark_close=\u00bboff\u00bb da_not_modal=\u00bbon\u00bb da_is_singular=\u00bboff\u00bb da_with_loader=\u00bboff\u00bb da_has_shadow=\u00bbon\u00bb][et_pb_row _builder_version=\u00bb4.27.4&#8243; _module_preset=\u00bbdefault\u00bb global_colors_info=\u00bb{}\u00bb][et_pb_column type=\u00bb4_4&#8243; _builder_version=\u00bb4.27.4&#8243; _module_preset=\u00bbdefault\u00bb global_colors_info=\u00bb{}\u00bb][et_pb_divider show_divider=\u00bboff\u00bb disabled_on=\u00bbon|on|off\u00bb _builder_version=\u00bb4.27.4&#8243; _module_preset=\u00bbdefault\u00bb global_colors_info=\u00bb{}\u00bb][\/et_pb_divider][\/et_pb_column][\/et_pb_row][\/et_pb_section][et_pb_section fb_built=\u00bb1&#8243; _builder_version=\u00bb4.27.4&#8243; _module_preset=\u00bbdefault\u00bb background_image=\u00bbhttps:\/\/www.clinicaica.com\/wp-content\/uploads\/2025\/10\/IMAGEN-SUPERIOR.jpg\u00bb background_position=\u00bbtop_center\u00bb background_vertical_offset=\u00bb50%\u00bb da_disable_devices=\u00bboff|off|off\u00bb global_colors_info=\u00bb{}\u00bb da_is_popup=\u00bboff\u00bb da_exit_intent=\u00bboff\u00bb da_has_close=\u00bbon\u00bb da_alt_close=\u00bboff\u00bb da_dark_close=\u00bboff\u00bb da_not_modal=\u00bbon\u00bb da_is_singular=\u00bboff\u00bb da_with_loader=\u00bboff\u00bb da_has_shadow=\u00bbon\u00bb][et_pb_row _builder_version=\u00bb4.27.4&#8243; _module_preset=\u00bbdefault\u00bb global_colors_info=\u00bb{}\u00bb][et_pb_column type=\u00bb4_4&#8243; _builder_version=\u00bb4.27.4&#8243; _module_preset=\u00bbdefault\u00bb global_colors_info=\u00bb{}\u00bb][et_pb_divider show_divider=\u00bboff\u00bb disabled_on=\u00bbon|off|off\u00bb _builder_version=\u00bb4.27.4&#8243; _module_preset=\u00bbdefault\u00bb min_height=\u00bb50px\u00bb global_colors_info=\u00bb{}\u00bb][\/et_pb_divider][et_pb_text _builder_version=\u00bb4.27.4&#8243; _module_preset=\u00bbdefault\u00bb text_font=\u00bbMontserrat|600|||||||\u00bb text_font_size=\u00bb20px\u00bb text_line_height=\u00bb1.4em\u00bb header_font=\u00bb|600|||||||\u00bb header_text_color=\u00bb#FFFFFF\u00bb header_font_size=\u00bb70px\u00bb width=\u00bb84%\u00bb width_tablet=\u00bb82%\u00bb width_phone=\u00bb100%\u00bb width_last_edited=\u00bbon|phone\u00bb text_font_size_tablet=\u00bb18px\u00bb text_font_size_phone=\u00bb15px\u00bb text_font_size_last_edited=\u00bbon|phone\u00bb header_font_size_tablet=\u00bb50px\u00bb header_font_size_phone=\u00bb40px\u00bb header_font_size_last_edited=\u00bbon|phone\u00bb global_colors_info=\u00bb{}\u00bb]<\/p>\n<h1 class=\"p1\">Medicina Integrativa y Sueroterapia: equilibrio, energ\u00eda y salud desde el interior<\/h1>\n<p>[\/et_pb_text][et_pb_divider show_divider=\u00bboff\u00bb disabled_on=\u00bbon|off|off\u00bb _builder_version=\u00bb4.27.4&#8243; _module_preset=\u00bbdefault\u00bb min_height=\u00bb260px\u00bb global_colors_info=\u00bb{}\u00bb][\/et_pb_divider][et_pb_text _builder_version=\u00bb4.27.4&#8243; _module_preset=\u00bbdefault\u00bb text_font=\u00bbMontserrat|600|||||||\u00bb text_text_color=\u00bb#FFFFFF\u00bb text_font_size=\u00bb20px\u00bb text_line_height=\u00bb1.4em\u00bb header_font=\u00bb|600|||||||\u00bb header_font_size=\u00bb70px\u00bb width=\u00bb55%\u00bb width_tablet=\u00bb80%\u00bb width_phone=\u00bb100%\u00bb width_last_edited=\u00bbon|phone\u00bb text_font_size_tablet=\u00bb18px\u00bb text_font_size_phone=\u00bb15px\u00bb text_font_size_last_edited=\u00bbon|phone\u00bb header_font_size_tablet=\u00bb50px\u00bb header_font_size_phone=\u00bb40px\u00bb header_font_size_last_edited=\u00bbon|phone\u00bb global_colors_info=\u00bb{}\u00bb]<\/p>\n<p>Fortalece tu sistema inmune, combate el estr\u00e9s oxidativo y potencia tu bienestar con terapias intravenosas personalizadas en un entorno cl\u00ednico seguro.<\/p>\n<p>[\/et_pb_text][et_pb_button button_url=\u00bbhttps:\/\/www.clinicaica.com\/analiticas\/#cita\u00bb button_text=\u00bbSolicita tu sesi\u00f3n personalizada de sueroterapia\u00bb button_alignment=\u00bbcenter\u00bb _builder_version=\u00bb4.27.4&#8243; _module_preset=\u00bbdefault\u00bb custom_button=\u00bbon\u00bb button_text_size=\u00bb35px\u00bb button_text_color=\u00bb#FFFFFF\u00bb button_bg_use_color_gradient=\u00bbon\u00bb button_bg_color_gradient_direction=\u00bb137deg\u00bb button_bg_color_gradient_stops=\u00bb#776f64 0%|#cda052 99%\u00bb button_border_width=\u00bb0px\u00bb button_border_radius=\u00bb60px\u00bb button_font=\u00bbMontserrat|800|||||||\u00bb button_text_size_tablet=\u00bb20px\u00bb button_text_size_phone=\u00bb14px\u00bb button_text_size_last_edited=\u00bbon|phone\u00bb global_colors_info=\u00bb{}\u00bb][\/et_pb_button][\/et_pb_column][\/et_pb_row][\/et_pb_section][et_pb_section fb_built=\u00bb1&#8243; _builder_version=\u00bb4.27.4&#8243; _module_preset=\u00bbdefault\u00bb background_color=\u00bb#2d2118&#8243; custom_padding=\u00bb||||false|false\u00bb da_disable_devices=\u00bboff|off|off\u00bb global_colors_info=\u00bb{}\u00bb da_is_popup=\u00bboff\u00bb da_exit_intent=\u00bboff\u00bb da_has_close=\u00bbon\u00bb da_alt_close=\u00bboff\u00bb da_dark_close=\u00bboff\u00bb da_not_modal=\u00bbon\u00bb da_is_singular=\u00bboff\u00bb da_with_loader=\u00bboff\u00bb da_has_shadow=\u00bbon\u00bb][et_pb_row _builder_version=\u00bb4.27.4&#8243; _module_preset=\u00bbdefault\u00bb global_colors_info=\u00bb{}\u00bb][et_pb_column type=\u00bb4_4&#8243; _builder_version=\u00bb4.27.4&#8243; _module_preset=\u00bbdefault\u00bb global_colors_info=\u00bb{}\u00bb][et_pb_text _builder_version=\u00bb4.27.4&#8243; _module_preset=\u00bbdefault\u00bb header_2_font=\u00bbMontserrat|700|||||||\u00bb header_2_text_align=\u00bbcenter\u00bb header_2_text_color=\u00bb#FFFFFF\u00bb header_2_font_size=\u00bb50px\u00bb width=\u00bb60%\u00bb width_tablet=\u00bb90%\u00bb width_phone=\u00bb100%\u00bb width_last_edited=\u00bbon|tablet\u00bb module_alignment=\u00bbcenter\u00bb header_2_font_size_tablet=\u00bb50px\u00bb header_2_font_size_phone=\u00bb30px\u00bb header_2_font_size_last_edited=\u00bbon|phone\u00bb global_colors_info=\u00bb{}\u00bb]<\/p>\n<h2>\u00bfQu\u00e9 es la medicina integrativa?<\/h2>\n<p>[\/et_pb_text][et_pb_text _builder_version=\u00bb4.27.4&#8243; _module_preset=\u00bbdefault\u00bb text_font=\u00bbMontserrat|500|||||||\u00bb text_text_color=\u00bb#FFFFFF\u00bb text_font_size=\u00bb20px\u00bb text_line_height=\u00bb1.6em\u00bb width=\u00bb60%\u00bb width_tablet=\u00bb90%\u00bb width_phone=\u00bb100%\u00bb width_last_edited=\u00bbon|tablet\u00bb module_alignment=\u00bbcenter\u00bb text_font_size_tablet=\u00bb20px\u00bb text_font_size_phone=\u00bb17px\u00bb text_font_size_last_edited=\u00bbon|phone\u00bb global_colors_info=\u00bb{}\u00bb]<\/p>\n<p class=\"p1\">La medicina integrativa combina lo mejor de la medicina convencional con terapias complementarias para abordar la salud de forma global: cuerpo, mente y sistema inmunol\u00f3gico.<\/p>\n<p class=\"p1\">En Cl\u00ednica ICA integramos esta filosof\u00eda con enfoque m\u00e9dico, tecnolog\u00eda de vanguardia y una escucha activa de cada paciente. Es un modelo de prevenci\u00f3n, equilibrio y vitalidad.<\/p>\n<p>[\/et_pb_text][et_pb_text _builder_version=\u00bb4.27.4&#8243; _module_preset=\u00bbdefault\u00bb header_text_color=\u00bb#CDA052&#8243; header_2_font=\u00bbMontserrat|700|||||||\u00bb header_2_text_align=\u00bbcenter\u00bb header_2_text_color=\u00bb#CDA052&#8243; header_2_font_size=\u00bb50px\u00bb width=\u00bb65%\u00bb width_tablet=\u00bb90%\u00bb width_phone=\u00bb100%\u00bb width_last_edited=\u00bbon|tablet\u00bb module_alignment=\u00bbcenter\u00bb header_2_font_size_tablet=\u00bb50px\u00bb header_2_font_size_phone=\u00bb30px\u00bb header_2_font_size_last_edited=\u00bbon|phone\u00bb global_colors_info=\u00bb{}\u00bb]<\/p>\n<h2>Beneficios de la sueroterapia intravenosa<\/h2>\n<p>[\/et_pb_text][et_pb_blurb title=\u00bbMejora el sistema inmunol\u00f3gico.\u00bb image=\u00bbhttps:\/\/www.clinicaica.com\/wp-content\/uploads\/2025\/09\/1.png\u00bb icon_placement=\u00bbleft\u00bb image_icon_width=\u00bb50px\u00bb content_max_width=\u00bb549px\u00bb image_icon_width_tablet=\u00bb50px\u00bb image_icon_width_phone=\u00bb50px\u00bb image_icon_width_last_edited=\u00bbon|tablet\u00bb content_max_width_tablet=\u00bb648px\u00bb content_max_width_phone=\u00bb648px\u00bb content_max_width_last_edited=\u00bbon|phone\u00bb _builder_version=\u00bb4.27.4&#8243; _module_preset=\u00bbdefault\u00bb header_font=\u00bbMontserrat|500|||||||\u00bb header_text_color=\u00bb#FFFFFF\u00bb header_line_height=\u00bb2.7em\u00bb header_font_size_tablet=\u00bb20px\u00bb header_font_size_phone=\u00bb17px\u00bb header_font_size_last_edited=\u00bbon|phone\u00bb header_line_height_tablet=\u00bb2.5em\u00bb header_line_height_phone=\u00bb1.3em\u00bb header_line_height_last_edited=\u00bbon|phone\u00bb global_colors_info=\u00bb{}\u00bb][\/et_pb_blurb][et_pb_blurb title=\u00bbAumenta energ\u00eda y vitalidad.\u00bb image=\u00bbhttps:\/\/www.clinicaica.com\/wp-content\/uploads\/2025\/09\/2.png\u00bb icon_placement=\u00bbleft\u00bb image_icon_width=\u00bb50px\u00bb content_max_width=\u00bb549px\u00bb image_icon_width_tablet=\u00bb50px\u00bb image_icon_width_phone=\u00bb50px\u00bb image_icon_width_last_edited=\u00bbon|tablet\u00bb content_max_width_tablet=\u00bb648px\u00bb content_max_width_phone=\u00bb648px\u00bb content_max_width_last_edited=\u00bbon|phone\u00bb _builder_version=\u00bb4.27.4&#8243; _module_preset=\u00bbdefault\u00bb header_font=\u00bbMontserrat|500|||||||\u00bb header_text_color=\u00bb#FFFFFF\u00bb header_line_height=\u00bb2.7em\u00bb custom_margin=\u00bb-18px||||false|false\u00bb custom_margin_tablet=\u00bb-18px||||false|false\u00bb custom_margin_phone=\u00bb-18px||||false|false\u00bb custom_margin_last_edited=\u00bbon|phone\u00bb header_line_height_tablet=\u00bb2.5em\u00bb header_line_height_phone=\u00bb1.3em\u00bb header_line_height_last_edited=\u00bbon|phone\u00bb global_colors_info=\u00bb{}\u00bb][\/et_pb_blurb][et_pb_blurb title=\u00bbRepara da\u00f1o celular y combate radicales libres.\u00bb image=\u00bbhttps:\/\/www.clinicaica.com\/wp-content\/uploads\/2025\/09\/3.png\u00bb icon_placement=\u00bbleft\u00bb image_icon_width=\u00bb50px\u00bb content_max_width=\u00bb549px\u00bb image_icon_width_tablet=\u00bb50px\u00bb image_icon_width_phone=\u00bb50px\u00bb image_icon_width_last_edited=\u00bbon|tablet\u00bb content_max_width_tablet=\u00bb648px\u00bb content_max_width_phone=\u00bb648px\u00bb content_max_width_last_edited=\u00bbon|phone\u00bb _builder_version=\u00bb4.27.4&#8243; _module_preset=\u00bbdefault\u00bb header_font=\u00bbMontserrat|500|||||||\u00bb header_text_color=\u00bb#FFFFFF\u00bb header_line_height=\u00bb2.7em\u00bb custom_margin=\u00bb-18px||||false|false\u00bb custom_margin_tablet=\u00bb-18px||||false|false\u00bb custom_margin_phone=\u00bb-18px||||false|false\u00bb custom_margin_last_edited=\u00bbon|phone\u00bb header_line_height_tablet=\u00bb2.5em\u00bb header_line_height_phone=\u00bb1.3em\u00bb header_line_height_last_edited=\u00bbon|phone\u00bb global_colors_info=\u00bb{}\u00bb][\/et_pb_blurb][et_pb_blurb title=\u00bbAporta hidrataci\u00f3n profunda y oxigenaci\u00f3n celular.\u00bb image=\u00bbhttps:\/\/www.clinicaica.com\/wp-content\/uploads\/2025\/09\/4.png\u00bb icon_placement=\u00bbleft\u00bb image_icon_width=\u00bb50px\u00bb content_max_width=\u00bb549px\u00bb image_icon_width_tablet=\u00bb50px\u00bb image_icon_width_phone=\u00bb50px\u00bb image_icon_width_last_edited=\u00bbon|tablet\u00bb content_max_width_tablet=\u00bb648px\u00bb content_max_width_phone=\u00bb648px\u00bb content_max_width_last_edited=\u00bbon|phone\u00bb _builder_version=\u00bb4.27.4&#8243; _module_preset=\u00bbdefault\u00bb header_font=\u00bbMontserrat|500|||||||\u00bb header_text_color=\u00bb#FFFFFF\u00bb header_line_height=\u00bb2.7em\u00bb custom_margin=\u00bb-18px||||false|false\u00bb custom_margin_tablet=\u00bb-18px||||false|false\u00bb custom_margin_phone=\u00bb-18px||||false|false\u00bb custom_margin_last_edited=\u00bbon|phone\u00bb header_line_height_tablet=\u00bb2.5em\u00bb header_line_height_phone=\u00bb1.3em\u00bb header_line_height_last_edited=\u00bbon|phone\u00bb global_colors_info=\u00bb{}\u00bb][\/et_pb_blurb][et_pb_blurb title=\u00bbApoya procesos detox y antienvejecimiento.\u00bb image=\u00bbhttps:\/\/www.clinicaica.com\/wp-content\/uploads\/2025\/10\/5.png\u00bb icon_placement=\u00bbleft\u00bb image_icon_width=\u00bb50px\u00bb content_max_width=\u00bb549px\u00bb image_icon_width_tablet=\u00bb50px\u00bb image_icon_width_phone=\u00bb50px\u00bb image_icon_width_last_edited=\u00bbon|tablet\u00bb content_max_width_tablet=\u00bb648px\u00bb content_max_width_phone=\u00bb648px\u00bb content_max_width_last_edited=\u00bbon|phone\u00bb _builder_version=\u00bb4.27.4&#8243; _module_preset=\u00bbdefault\u00bb header_font=\u00bbMontserrat|500|||||||\u00bb header_text_color=\u00bb#FFFFFF\u00bb header_line_height=\u00bb2.7em\u00bb custom_margin=\u00bb-18px||||false|false\u00bb custom_margin_tablet=\u00bb-18px||||false|false\u00bb custom_margin_phone=\u00bb-18px||||false|false\u00bb custom_margin_last_edited=\u00bbon|phone\u00bb header_line_height_tablet=\u00bb2.5em\u00bb header_line_height_phone=\u00bb1.3em\u00bb header_line_height_last_edited=\u00bbon|phone\u00bb global_colors_info=\u00bb{}\u00bb][\/et_pb_blurb][et_pb_text _builder_version=\u00bb4.27.4&#8243; _module_preset=\u00bbdefault\u00bb text_font=\u00bbMontserrat|500|||||||\u00bb text_text_color=\u00bb#FFFFFF\u00bb text_font_size=\u00bb20px\u00bb text_line_height=\u00bb1.6em\u00bb width=\u00bb60%\u00bb width_tablet=\u00bb90%\u00bb width_phone=\u00bb100%\u00bb width_last_edited=\u00bbon|tablet\u00bb module_alignment=\u00bbcenter\u00bb text_font_size_tablet=\u00bb20px\u00bb text_font_size_phone=\u00bb17px\u00bb text_font_size_last_edited=\u00bbon|phone\u00bb global_colors_info=\u00bb{}\u00bb]<\/p>\n<p class=\"p1\"><span class=\"s1\" style=\"color: #cc9f52;\"><b>Indicada para:<\/b><\/span> fatiga, p\u00e9rdida de rendimiento, sistema inmune debilitado, piel apagada, estr\u00e9s, preparaci\u00f3n o recuperaci\u00f3n postcirug\u00eda o est\u00e9tica<\/p>\n<p>[\/et_pb_text][\/et_pb_column][\/et_pb_row][\/et_pb_section][et_pb_section fb_built=\u00bb1&#8243; _builder_version=\u00bb4.27.4&#8243; _module_preset=\u00bbdefault\u00bb background_color=\u00bb#fce9c5&#8243; da_disable_devices=\u00bboff|off|off\u00bb global_colors_info=\u00bb{}\u00bb da_is_popup=\u00bboff\u00bb da_exit_intent=\u00bboff\u00bb da_has_close=\u00bbon\u00bb da_alt_close=\u00bboff\u00bb da_dark_close=\u00bboff\u00bb da_not_modal=\u00bbon\u00bb da_is_singular=\u00bboff\u00bb da_with_loader=\u00bboff\u00bb da_has_shadow=\u00bbon\u00bb][et_pb_row _builder_version=\u00bb4.27.4&#8243; _module_preset=\u00bbdefault\u00bb hover_enabled=\u00bb0&#8243; global_colors_info=\u00bb{}\u00bb custom_margin_last_edited=\u00bbon|phone\u00bb custom_margin_phone=\u00bb||20px||false|false\u00bb sticky_enabled=\u00bb0&#8243;][et_pb_column type=\u00bb4_4&#8243; _builder_version=\u00bb4.27.4&#8243; _module_preset=\u00bbdefault\u00bb global_colors_info=\u00bb{}\u00bb][et_pb_text _builder_version=\u00bb4.27.4&#8243; _module_preset=\u00bbdefault\u00bb header_2_font=\u00bb&#8211;et_global_heading_font|700|||||||\u00bb header_2_text_align=\u00bbcenter\u00bb header_2_text_color=\u00bb#CDA052&#8243; header_2_font_size=\u00bb72px\u00bb width=\u00bb60%\u00bb width_tablet=\u00bb100%\u00bb width_phone=\u00bb100%\u00bb width_last_edited=\u00bbon|phone\u00bb module_alignment=\u00bbcenter\u00bb header_2_font_size_tablet=\u00bb72px\u00bb header_2_font_size_phone=\u00bb35px\u00bb header_2_font_size_last_edited=\u00bbon|phone\u00bb global_colors_info=\u00bb{}\u00bb]<\/p>\n<h2>Opciones de sueros que ofrecemos<\/h2>\n<p>[\/et_pb_text][\/et_pb_column][\/et_pb_row][et_pb_row custom_padding_last_edited=\u00bbon|phone\u00bb _builder_version=\u00bb4.27.4&#8243; _module_preset=\u00bbdefault\u00bb background_color=\u00bb#FFFFFF\u00bb width_tablet=\u00bb\u00bb width_phone=\u00bb95%\u00bb width_last_edited=\u00bbon|phone\u00bb custom_padding=\u00bb35px|70px|35px|70px|true|true\u00bb custom_padding_tablet=\u00bb35px|70px|35px|70px|true|true\u00bb custom_padding_phone=\u00bb35px|30px|35px|30px|true|true\u00bb border_radii=\u00bbon|20px|20px|20px|20px\u00bb box_shadow_style=\u00bbpreset2&#8243; global_colors_info=\u00bb{}\u00bb][et_pb_column type=\u00bb4_4&#8243; _builder_version=\u00bb4.27.4&#8243; _module_preset=\u00bbdefault\u00bb global_colors_info=\u00bb{}\u00bb][et_pb_text _builder_version=\u00bb4.27.4&#8243; _module_preset=\u00bbdefault\u00bb text_font_size=\u00bb20px\u00bb header_3_font=\u00bbMontserrat|700|||||||\u00bb header_3_font_size=\u00bb25px\u00bb hover_enabled=\u00bb0&#8243; text_font_size_tablet=\u00bb20px\u00bb text_font_size_phone=\u00bb17px\u00bb text_font_size_last_edited=\u00bbon|desktop\u00bb header_3_font_size_tablet=\u00bb25px\u00bb header_3_font_size_phone=\u00bb22px\u00bb header_3_font_size_last_edited=\u00bbon|phone\u00bb global_colors_info=\u00bb{}\u00bb custom_margin_last_edited=\u00bbon|phone\u00bb custom_margin_phone=\u00bb30px||||false|false\u00bb sticky_enabled=\u00bb0&#8243;]<\/p>\n<h3>Vitamina C intravenosa<\/h3>\n<p class=\"p1\">Antioxidante potente que estimula el sistema inmune, reduce la inflamaci\u00f3n y mejora la producci\u00f3n natural de col\u00e1geno.<\/p>\n<p class=\"p1\"><span style=\"color: #cc9f52;\"><strong>Ideal para:<\/strong><\/span><\/p>\n<p>[\/et_pb_text][et_pb_blurb title=\u00bbPersonas con infecciones frecuentes.\u00bb use_icon=\u00bbon\u00bb font_icon=\u00bb&#xf111;||fa||900&#8243; icon_color=\u00bb#CDA052&#8243; icon_placement=\u00bbleft\u00bb image_icon_width=\u00bb30px\u00bb content_max_width=\u00bb1000px\u00bb content_max_width_tablet=\u00bb1000px\u00bb content_max_width_phone=\u00bb1000px\u00bb content_max_width_last_edited=\u00bbon|phone\u00bb _builder_version=\u00bb4.27.4&#8243; _module_preset=\u00bbdefault\u00bb header_font=\u00bbMontserrat||||||||\u00bb header_text_color=\u00bb#776F64&#8243; header_font_size=\u00bb18px\u00bb header_line_height=\u00bb1.4em\u00bb header_font_size_tablet=\u00bb18px\u00bb header_font_size_phone=\u00bb16px\u00bb header_font_size_last_edited=\u00bbon|phone\u00bb header_line_height_tablet=\u00bb1.4em\u00bb header_line_height_phone=\u00bb1em\u00bb header_line_height_last_edited=\u00bbon|phone\u00bb global_colors_info=\u00bb{}\u00bb][\/et_pb_blurb][et_pb_blurb title=\u00bbPiel envejecida o da\u00f1ada por el sol.\u00bb use_icon=\u00bbon\u00bb font_icon=\u00bb&#xf111;||fa||900&#8243; icon_color=\u00bb#CDA052&#8243; icon_placement=\u00bbleft\u00bb image_icon_width=\u00bb30px\u00bb content_max_width=\u00bb1000px\u00bb content_max_width_tablet=\u00bb1000px\u00bb content_max_width_phone=\u00bb1000px\u00bb content_max_width_last_edited=\u00bbon|phone\u00bb _builder_version=\u00bb4.27.4&#8243; _module_preset=\u00bbdefault\u00bb header_font=\u00bbMontserrat||||||||\u00bb header_text_color=\u00bb#776F64&#8243; header_font_size=\u00bb18px\u00bb header_line_height=\u00bb1.4em\u00bb header_font_size_tablet=\u00bb18px\u00bb header_font_size_phone=\u00bb16px\u00bb header_font_size_last_edited=\u00bbon|phone\u00bb header_line_height_tablet=\u00bb1.4em\u00bb header_line_height_phone=\u00bb1em\u00bb header_line_height_last_edited=\u00bbon|phone\u00bb global_colors_info=\u00bb{}\u00bb][\/et_pb_blurb][et_pb_blurb title=\u00bbFatiga cr\u00f3nica o estr\u00e9s prolongado.\u00bb use_icon=\u00bbon\u00bb font_icon=\u00bb&#xf111;||fa||900&#8243; icon_color=\u00bb#CDA052&#8243; icon_placement=\u00bbleft\u00bb image_icon_width=\u00bb30px\u00bb content_max_width=\u00bb1000px\u00bb content_max_width_tablet=\u00bb1000px\u00bb content_max_width_phone=\u00bb1000px\u00bb content_max_width_last_edited=\u00bbon|phone\u00bb _builder_version=\u00bb4.27.4&#8243; _module_preset=\u00bbdefault\u00bb header_font=\u00bbMontserrat||||||||\u00bb header_text_color=\u00bb#776F64&#8243; header_font_size=\u00bb18px\u00bb header_line_height=\u00bb1.4em\u00bb header_font_size_tablet=\u00bb18px\u00bb header_font_size_phone=\u00bb16px\u00bb header_font_size_last_edited=\u00bbon|phone\u00bb header_line_height_tablet=\u00bb1.4em\u00bb header_line_height_phone=\u00bb1em\u00bb header_line_height_last_edited=\u00bbon|phone\u00bb global_colors_info=\u00bb{}\u00bb][\/et_pb_blurb][\/et_pb_column][\/et_pb_row][et_pb_row _builder_version=\u00bb4.27.4&#8243; _module_preset=\u00bbdefault\u00bb global_colors_info=\u00bb{}\u00bb][et_pb_column type=\u00bb4_4&#8243; _builder_version=\u00bb4.27.4&#8243; _module_preset=\u00bbdefault\u00bb global_colors_info=\u00bb{}\u00bb][et_pb_image src=\u00bbhttps:\/\/www.clinicaica.com\/wp-content\/uploads\/2025\/10\/CIRCULO-01.png\u00bb _builder_version=\u00bb4.27.4&#8243; _module_preset=\u00bbdefault\u00bb title_text=\u00bbCI\u0301RCULO #01&#8243; width=\u00bb8%\u00bb positioning=\u00bbabsolute\u00bb vertical_offset=\u00bb-465px\u00bb horizontal_offset=\u00bb-36px\u00bb vertical_offset_last_edited=\u00bbon|phone\u00bb horizontal_offset_last_edited=\u00bbon|phone\u00bb width_last_edited=\u00bbon|tablet\u00bb hover_enabled=\u00bb0&#8243; sticky_enabled=\u00bb0&#8243; width_tablet=\u00bb13%\u00bb vertical_offset_tablet=\u00bb-508px\u00bb width_phone=\u00bb22%\u00bb vertical_offset_phone=\u00bb-519px\u00bb horizontal_offset_phone=\u00bb101px\u00bb position_origin_a_last_edited=\u00bbon|phone\u00bb positioning_last_edited=\u00bbon|phone\u00bb position_origin_f_last_edited=\u00bbon|phone\u00bb position_origin_r_last_edited=\u00bbon|phone\u00bb position_origin_a_phone=\u00bbtop_center\u00bb horizontal_offset_tablet=\u00bb-36px\u00bb positioning_tablet=\u00bbabsolute\u00bb positioning_phone=\u00bbabsolute\u00bb][\/et_pb_image][\/et_pb_column][\/et_pb_row][et_pb_row custom_padding_last_edited=\u00bbon|phone\u00bb _builder_version=\u00bb4.27.4&#8243; _module_preset=\u00bbdefault\u00bb background_color=\u00bb#FFFFFF\u00bb width_tablet=\u00bb\u00bb width_phone=\u00bb95%\u00bb width_last_edited=\u00bbon|phone\u00bb custom_padding=\u00bb35px|70px|35px|70px|true|true\u00bb custom_padding_tablet=\u00bb35px|70px|35px|70px|true|true\u00bb custom_padding_phone=\u00bb35px|30px|35px|30px|true|true\u00bb border_radii=\u00bbon|20px|20px|20px|20px\u00bb box_shadow_style=\u00bbpreset2&#8243; global_colors_info=\u00bb{}\u00bb][et_pb_column type=\u00bb4_4&#8243; _builder_version=\u00bb4.27.4&#8243; _module_preset=\u00bbdefault\u00bb global_colors_info=\u00bb{}\u00bb][et_pb_text _builder_version=\u00bb4.27.4&#8243; _module_preset=\u00bbdefault\u00bb text_font_size=\u00bb20px\u00bb header_3_font=\u00bbMontserrat|700|||||||\u00bb header_3_font_size=\u00bb25px\u00bb text_font_size_tablet=\u00bb20px\u00bb text_font_size_phone=\u00bb17px\u00bb text_font_size_last_edited=\u00bbon|desktop\u00bb header_3_font_size_tablet=\u00bb25px\u00bb header_3_font_size_phone=\u00bb22px\u00bb header_3_font_size_last_edited=\u00bbon|phone\u00bb global_colors_info=\u00bb{}\u00bb custom_margin=\u00bb||||false|false\u00bb custom_margin_last_edited=\u00bbon|phone\u00bb custom_margin_phone=\u00bb30px||||false|false\u00bb hover_enabled=\u00bb0&#8243; sticky_enabled=\u00bb0&#8243; custom_margin_tablet=\u00bb||||false|false\u00bb]<\/p>\n<h3>Glutati\u00f3n intravenoso<\/h3>\n<p class=\"p1\">Considerado el \u00abantioxidante maestro\u00bb, protege las c\u00e9lulas del da\u00f1o oxidativo y favorece la detoxificaci\u00f3n hep\u00e1tica. Mejora la luminosidad de la piel y retrasa el envejecimiento celular.<\/p>\n<p class=\"p1\"><span style=\"color: #cc9f52;\"><strong>Ideal para:<\/strong><\/span><\/p>\n<p>[\/et_pb_text][et_pb_blurb title=\u00bbEstr\u00e9s oxidativo elevado.\u00bb use_icon=\u00bbon\u00bb font_icon=\u00bb&#xf111;||fa||900&#8243; icon_color=\u00bb#CDA052&#8243; icon_placement=\u00bbleft\u00bb image_icon_width=\u00bb30px\u00bb content_max_width=\u00bb1000px\u00bb content_max_width_tablet=\u00bb1000px\u00bb content_max_width_phone=\u00bb1000px\u00bb content_max_width_last_edited=\u00bbon|phone\u00bb _builder_version=\u00bb4.27.4&#8243; _module_preset=\u00bbdefault\u00bb header_font=\u00bbMontserrat||||||||\u00bb header_text_color=\u00bb#776F64&#8243; header_font_size=\u00bb18px\u00bb header_line_height=\u00bb1.4em\u00bb header_font_size_tablet=\u00bb18px\u00bb header_font_size_phone=\u00bb16px\u00bb header_font_size_last_edited=\u00bbon|phone\u00bb header_line_height_tablet=\u00bb1.4em\u00bb header_line_height_phone=\u00bb1em\u00bb header_line_height_last_edited=\u00bbon|phone\u00bb global_colors_info=\u00bb{}\u00bb][\/et_pb_blurb][et_pb_blurb title=\u00bbPersonas expuestas a contaminantes o tabaco.\u00bb use_icon=\u00bbon\u00bb font_icon=\u00bb&#xf111;||fa||900&#8243; icon_color=\u00bb#CDA052&#8243; icon_placement=\u00bbleft\u00bb image_icon_width=\u00bb30px\u00bb content_max_width=\u00bb1000px\u00bb content_max_width_tablet=\u00bb1000px\u00bb content_max_width_phone=\u00bb1000px\u00bb content_max_width_last_edited=\u00bbon|phone\u00bb _builder_version=\u00bb4.27.4&#8243; _module_preset=\u00bbdefault\u00bb header_font=\u00bbMontserrat||||||||\u00bb header_text_color=\u00bb#776F64&#8243; header_font_size=\u00bb18px\u00bb header_line_height=\u00bb1.4em\u00bb header_font_size_tablet=\u00bb18px\u00bb header_font_size_phone=\u00bb16px\u00bb header_font_size_last_edited=\u00bbon|phone\u00bb header_line_height_tablet=\u00bb1.4em\u00bb header_line_height_phone=\u00bb1em\u00bb header_line_height_last_edited=\u00bbon|phone\u00bb global_colors_info=\u00bb{}\u00bb][\/et_pb_blurb][et_pb_blurb title=\u00bbMejora del tono y claridad de la piel.\u00bb use_icon=\u00bbon\u00bb font_icon=\u00bb&#xf111;||fa||900&#8243; icon_color=\u00bb#CDA052&#8243; icon_placement=\u00bbleft\u00bb image_icon_width=\u00bb30px\u00bb content_max_width=\u00bb1000px\u00bb content_max_width_tablet=\u00bb1000px\u00bb content_max_width_phone=\u00bb1000px\u00bb content_max_width_last_edited=\u00bbon|phone\u00bb _builder_version=\u00bb4.27.4&#8243; _module_preset=\u00bbdefault\u00bb header_font=\u00bbMontserrat||||||||\u00bb header_text_color=\u00bb#776F64&#8243; header_font_size=\u00bb18px\u00bb header_line_height=\u00bb1.4em\u00bb header_font_size_tablet=\u00bb18px\u00bb header_font_size_phone=\u00bb16px\u00bb header_font_size_last_edited=\u00bbon|phone\u00bb header_line_height_tablet=\u00bb1.4em\u00bb header_line_height_phone=\u00bb1em\u00bb header_line_height_last_edited=\u00bbon|phone\u00bb global_colors_info=\u00bb{}\u00bb][\/et_pb_blurb][\/et_pb_column][\/et_pb_row][et_pb_row _builder_version=\u00bb4.27.4&#8243; _module_preset=\u00bbdefault\u00bb global_colors_info=\u00bb{}\u00bb][et_pb_column type=\u00bb4_4&#8243; _builder_version=\u00bb4.27.4&#8243; _module_preset=\u00bbdefault\u00bb global_colors_info=\u00bb{}\u00bb][et_pb_image src=\u00bbhttps:\/\/www.clinicaica.com\/wp-content\/uploads\/2025\/10\/CIRCULO-02.png\u00bb _builder_version=\u00bb4.27.4&#8243; _module_preset=\u00bbdefault\u00bb title_text=\u00bbCI\u0301RCULO #02&#8243; sticky_enabled=\u00bb0&#8243; width=\u00bb8%\u00bb width_tablet=\u00bb13%\u00bb width_phone=\u00bb22%\u00bb width_last_edited=\u00bbon|tablet\u00bb positioning=\u00bbabsolute\u00bb vertical_offset=\u00bb-465px\u00bb vertical_offset_tablet=\u00bb-526px\u00bb vertical_offset_phone=\u00bb-583px\u00bb vertical_offset_last_edited=\u00bbon|phone\u00bb horizontal_offset=\u00bb-36px\u00bb horizontal_offset_phone=\u00bb101px\u00bb horizontal_offset_last_edited=\u00bbon|phone\u00bb hover_enabled=\u00bb0&#8243; position_origin_a_last_edited=\u00bbon|phone\u00bb positioning_last_edited=\u00bbon|phone\u00bb position_origin_f_last_edited=\u00bbon|phone\u00bb position_origin_r_last_edited=\u00bbon|phone\u00bb position_origin_a_phone=\u00bbtop_center\u00bb horizontal_offset_tablet=\u00bb-36px\u00bb positioning_tablet=\u00bbabsolute\u00bb positioning_phone=\u00bbabsolute\u00bb][\/et_pb_image][\/et_pb_column][\/et_pb_row][et_pb_row custom_padding_last_edited=\u00bbon|phone\u00bb _builder_version=\u00bb4.27.4&#8243; _module_preset=\u00bbdefault\u00bb width_tablet=\u00bb\u00bb width_phone=\u00bb95%\u00bb width_last_edited=\u00bbon|phone\u00bb custom_padding=\u00bb35px|70px|35px|70px|true|true\u00bb custom_padding_tablet=\u00bb35px|70px|35px|70px|true|true\u00bb custom_padding_phone=\u00bb35px|30px|35px|30px|true|true\u00bb border_radii=\u00bbon|20px|20px|20px|20px\u00bb box_shadow_style=\u00bbpreset2&#8243; global_colors_info=\u00bb{}\u00bb background_color=\u00bb#FFFFFF\u00bb][et_pb_column type=\u00bb4_4&#8243; _builder_version=\u00bb4.27.4&#8243; _module_preset=\u00bbdefault\u00bb global_colors_info=\u00bb{}\u00bb][et_pb_text _builder_version=\u00bb4.27.4&#8243; _module_preset=\u00bbdefault\u00bb text_font_size=\u00bb20px\u00bb header_3_font=\u00bbMontserrat|700|||||||\u00bb header_3_font_size=\u00bb25px\u00bb hover_enabled=\u00bb0&#8243; text_font_size_tablet=\u00bb20px\u00bb text_font_size_phone=\u00bb17px\u00bb text_font_size_last_edited=\u00bbon|desktop\u00bb header_3_font_size_tablet=\u00bb25px\u00bb header_3_font_size_phone=\u00bb22px\u00bb header_3_font_size_last_edited=\u00bbon|phone\u00bb global_colors_info=\u00bb{}\u00bb custom_margin_last_edited=\u00bbon|phone\u00bb custom_margin_phone=\u00bb30px||||false|false\u00bb sticky_enabled=\u00bb0&#8243;]<\/p>\n<h3>Sueros combinados ICA<\/h3>\n<p class=\"p1\">F\u00f3rmulas personalizadas que pueden incluir vitaminas del grupo B, oligoelementos, amino\u00e1cidos, minerales y otros antioxidantes adaptados a cada paciente.<\/p>\n<p>[\/et_pb_text][\/et_pb_column][\/et_pb_row][et_pb_row _builder_version=\u00bb4.27.4&#8243; _module_preset=\u00bbdefault\u00bb global_colors_info=\u00bb{}\u00bb][et_pb_column type=\u00bb4_4&#8243; _builder_version=\u00bb4.27.4&#8243; _module_preset=\u00bbdefault\u00bb global_colors_info=\u00bb{}\u00bb][et_pb_image src=\u00bbhttps:\/\/www.clinicaica.com\/wp-content\/uploads\/2025\/10\/CIRCULO-03.png\u00bb _builder_version=\u00bb4.27.4&#8243; _module_preset=\u00bbdefault\u00bb title_text=\u00bbCI\u0301RCULO #03&#8243; sticky_enabled=\u00bb0&#8243; width=\u00bb8%\u00bb width_tablet=\u00bb13%\u00bb width_phone=\u00bb22%\u00bb width_last_edited=\u00bbon|tablet\u00bb positioning=\u00bbabsolute\u00bb vertical_offset=\u00bb-227px\u00bb vertical_offset_tablet=\u00bb-285px\u00bb vertical_offset_phone=\u00bb-320px\u00bb vertical_offset_last_edited=\u00bbon|phone\u00bb horizontal_offset=\u00bb-36px\u00bb horizontal_offset_phone=\u00bb101px\u00bb horizontal_offset_last_edited=\u00bbon|phone\u00bb hover_enabled=\u00bb0&#8243; locked=\u00bboff\u00bb position_origin_a_last_edited=\u00bbon|phone\u00bb positioning_last_edited=\u00bbon|phone\u00bb position_origin_f_last_edited=\u00bbon|phone\u00bb position_origin_r_last_edited=\u00bbon|phone\u00bb position_origin_a_phone=\u00bbtop_center\u00bb horizontal_offset_tablet=\u00bb-36px\u00bb positioning_tablet=\u00bbabsolute\u00bb positioning_phone=\u00bbabsolute\u00bb][\/et_pb_image][\/et_pb_column][\/et_pb_row][et_pb_row custom_padding_last_edited=\u00bbon|phone\u00bb _builder_version=\u00bb4.27.4&#8243; _module_preset=\u00bbdefault\u00bb background_color=\u00bb#FFFFFF\u00bb width_tablet=\u00bb\u00bb width_phone=\u00bb95%\u00bb width_last_edited=\u00bbon|phone\u00bb custom_padding=\u00bb35px|70px|35px|70px|true|true\u00bb custom_padding_tablet=\u00bb35px|70px|35px|70px|true|true\u00bb custom_padding_phone=\u00bb35px|30px|35px|30px|true|true\u00bb border_radii=\u00bbon|20px|20px|20px|20px\u00bb box_shadow_style=\u00bbpreset2&#8243; global_colors_info=\u00bb{}\u00bb][et_pb_column type=\u00bb4_4&#8243; _builder_version=\u00bb4.27.4&#8243; _module_preset=\u00bbdefault\u00bb global_colors_info=\u00bb{}\u00bb][et_pb_text _builder_version=\u00bb4.27.4&#8243; _module_preset=\u00bbdefault\u00bb text_font_size=\u00bb20px\u00bb header_3_font=\u00bbMontserrat|700|||||||\u00bb header_3_font_size=\u00bb25px\u00bb hover_enabled=\u00bb0&#8243; text_font_size_tablet=\u00bb20px\u00bb text_font_size_phone=\u00bb17px\u00bb text_font_size_last_edited=\u00bbon|desktop\u00bb header_3_font_size_tablet=\u00bb25px\u00bb header_3_font_size_phone=\u00bb22px\u00bb header_3_font_size_last_edited=\u00bbon|phone\u00bb global_colors_info=\u00bb{}\u00bb custom_margin_last_edited=\u00bbon|phone\u00bb custom_margin_phone=\u00bb30px||||false|false\u00bb sticky_enabled=\u00bb0&#8243;]<\/p>\n<h3>La experiencia ICA<\/h3>\n<p>[\/et_pb_text][et_pb_blurb title=\u00bbValoraci\u00f3n m\u00e9dica previa.\u00bb use_icon=\u00bbon\u00bb font_icon=\u00bb&#xf111;||fa||900&#8243; icon_color=\u00bb#CDA052&#8243; icon_placement=\u00bbleft\u00bb image_icon_width=\u00bb30px\u00bb content_max_width=\u00bb1000px\u00bb content_max_width_tablet=\u00bb1000px\u00bb content_max_width_phone=\u00bb1000px\u00bb content_max_width_last_edited=\u00bbon|phone\u00bb _builder_version=\u00bb4.27.4&#8243; _module_preset=\u00bbdefault\u00bb header_font=\u00bbMontserrat||||||||\u00bb header_text_color=\u00bb#776F64&#8243; header_font_size=\u00bb18px\u00bb header_line_height=\u00bb1.4em\u00bb header_font_size_tablet=\u00bb18px\u00bb header_font_size_phone=\u00bb16px\u00bb header_font_size_last_edited=\u00bbon|phone\u00bb header_line_height_tablet=\u00bb1.4em\u00bb header_line_height_phone=\u00bb1em\u00bb header_line_height_last_edited=\u00bbon|phone\u00bb global_colors_info=\u00bb{}\u00bb][\/et_pb_blurb][et_pb_blurb title=\u00bbAplicaci\u00f3n en entorno seguro y relajado.\u00bb use_icon=\u00bbon\u00bb font_icon=\u00bb&#xf111;||fa||900&#8243; icon_color=\u00bb#CDA052&#8243; icon_placement=\u00bbleft\u00bb image_icon_width=\u00bb30px\u00bb content_max_width=\u00bb1000px\u00bb content_max_width_tablet=\u00bb1000px\u00bb content_max_width_phone=\u00bb1000px\u00bb content_max_width_last_edited=\u00bbon|phone\u00bb _builder_version=\u00bb4.27.4&#8243; _module_preset=\u00bbdefault\u00bb header_font=\u00bbMontserrat||||||||\u00bb header_text_color=\u00bb#776F64&#8243; header_font_size=\u00bb18px\u00bb header_line_height=\u00bb1.4em\u00bb header_font_size_tablet=\u00bb18px\u00bb header_font_size_phone=\u00bb16px\u00bb header_font_size_last_edited=\u00bbon|phone\u00bb header_line_height_tablet=\u00bb1.4em\u00bb header_line_height_phone=\u00bb1em\u00bb header_line_height_last_edited=\u00bbon|phone\u00bb global_colors_info=\u00bb{}\u00bb][\/et_pb_blurb][et_pb_blurb title=\u00bbSeguimiento seg\u00fan objetivos y respuesta del paciente.\u00bb use_icon=\u00bbon\u00bb font_icon=\u00bb&#xf111;||fa||900&#8243; icon_color=\u00bb#CDA052&#8243; icon_placement=\u00bbleft\u00bb image_icon_width=\u00bb30px\u00bb content_max_width=\u00bb1000px\u00bb content_max_width_tablet=\u00bb1000px\u00bb content_max_width_phone=\u00bb1000px\u00bb content_max_width_last_edited=\u00bbon|phone\u00bb _builder_version=\u00bb4.27.4&#8243; _module_preset=\u00bbdefault\u00bb header_font=\u00bbMontserrat||||||||\u00bb header_text_color=\u00bb#776F64&#8243; header_font_size=\u00bb18px\u00bb header_line_height=\u00bb1.4em\u00bb header_font_size_tablet=\u00bb18px\u00bb header_font_size_phone=\u00bb16px\u00bb header_font_size_last_edited=\u00bbon|phone\u00bb header_line_height_tablet=\u00bb1.4em\u00bb header_line_height_phone=\u00bb1em\u00bb header_line_height_last_edited=\u00bbon|phone\u00bb global_colors_info=\u00bb{}\u00bb][\/et_pb_blurb][et_pb_text _builder_version=\u00bb4.27.4&#8243; _module_preset=\u00bbdefault\u00bb text_font_size=\u00bb20px\u00bb header_3_font=\u00bbMontserrat|700|||||||\u00bb header_3_font_size=\u00bb25px\u00bb text_font_size_tablet=\u00bb20px\u00bb text_font_size_phone=\u00bb17px\u00bb text_font_size_last_edited=\u00bbon|desktop\u00bb header_3_font_size_tablet=\u00bb25px\u00bb header_3_font_size_phone=\u00bb22px\u00bb header_3_font_size_last_edited=\u00bbon|phone\u00bb global_colors_info=\u00bb{}\u00bb]<\/p>\n<p class=\"p1\">\u00abNo se trata solo de verte bien, sino de sentirte fuerte, con energ\u00eda y en equilibrio.\u00bb<\/p>\n<p>[\/et_pb_text][\/et_pb_column][\/et_pb_row][et_pb_row _builder_version=\u00bb4.27.4&#8243; _module_preset=\u00bbdefault\u00bb][et_pb_column _builder_version=\u00bb4.27.4&#8243; _module_preset=\u00bbdefault\u00bb type=\u00bb4_4&#8243;][et_pb_image src=\u00bbhttps:\/\/www.clinicaica.com\/wp-content\/uploads\/2025\/10\/CIRCULO-04.png\u00bb _builder_version=\u00bb4.27.4&#8243; _module_preset=\u00bbdefault\u00bb title_text=\u00bbCI\u0301RCULO #04&#8243; sticky_enabled=\u00bb0&#8243; width=\u00bb8%\u00bb width_tablet=\u00bb13%\u00bb width_phone=\u00bb22%\u00bb width_last_edited=\u00bbon|tablet\u00bb positioning=\u00bbabsolute\u00bb vertical_offset=\u00bb-404px\u00bb vertical_offset_tablet=\u00bb-479px\u00bb vertical_offset_phone=\u00bb-496px\u00bb vertical_offset_last_edited=\u00bbon|phone\u00bb horizontal_offset=\u00bb-36px\u00bb horizontal_offset_phone=\u00bb101px\u00bb horizontal_offset_last_edited=\u00bbon|phone\u00bb hover_enabled=\u00bb0&#8243; locked=\u00bboff\u00bb position_origin_a_last_edited=\u00bbon|phone\u00bb positioning_last_edited=\u00bbon|phone\u00bb position_origin_f_last_edited=\u00bbon|phone\u00bb position_origin_r_last_edited=\u00bbon|phone\u00bb position_origin_a_phone=\u00bbtop_center\u00bb horizontal_offset_tablet=\u00bb-36px\u00bb positioning_tablet=\u00bbabsolute\u00bb positioning_phone=\u00bbabsolute\u00bb][\/et_pb_image][\/et_pb_column][\/et_pb_row][\/et_pb_section][et_pb_section fb_built=\u00bb1&#8243; _builder_version=\u00bb4.27.4&#8243; _module_preset=\u00bbdefault\u00bb background_color=\u00bb#776F64&#8243; da_disable_devices=\u00bboff|off|off\u00bb global_colors_info=\u00bb{}\u00bb da_is_popup=\u00bboff\u00bb da_exit_intent=\u00bboff\u00bb da_has_close=\u00bbon\u00bb da_alt_close=\u00bboff\u00bb da_dark_close=\u00bboff\u00bb da_not_modal=\u00bbon\u00bb da_is_singular=\u00bboff\u00bb da_with_loader=\u00bboff\u00bb da_has_shadow=\u00bbon\u00bb][et_pb_row _builder_version=\u00bb4.27.4&#8243; _module_preset=\u00bbdefault\u00bb global_colors_info=\u00bb{}\u00bb][et_pb_column type=\u00bb4_4&#8243; _builder_version=\u00bb4.27.4&#8243; _module_preset=\u00bbdefault\u00bb global_colors_info=\u00bb{}\u00bb][et_pb_text _builder_version=\u00bb4.27.4&#8243; _module_preset=\u00bbdefault\u00bb header_2_font=\u00bb&#8211;et_global_heading_font|700|||||||\u00bb header_2_text_align=\u00bbcenter\u00bb header_2_text_color=\u00bb#FFFFFF\u00bb header_2_font_size=\u00bb72px\u00bb width=\u00bb100%\u00bb width_tablet=\u00bb60%\u00bb width_phone=\u00bb100%\u00bb width_last_edited=\u00bbon|phone\u00bb module_alignment=\u00bbcenter\u00bb header_2_font_size_tablet=\u00bb72px\u00bb header_2_font_size_phone=\u00bb45px\u00bb header_2_font_size_last_edited=\u00bbon|phone\u00bb global_colors_info=\u00bb{}\u00bb]<\/p>\n<h2>Preguntas <span style=\"color: #cc9f52;\">frecuentes<\/span><\/h2>\n<p>[\/et_pb_text][et_pb_text _builder_version=\u00bb4.27.4&#8243; _module_preset=\u00bbdefault\u00bb text_text_color=\u00bb#FFFFFF\u00bb header_3_font=\u00bbMontserrat|700|||||||\u00bb header_3_text_align=\u00bbcenter\u00bb header_3_text_color=\u00bb#FFFFFF\u00bb background_color=\u00bb#CDA052&#8243; width=\u00bb40%\u00bb width_tablet=\u00bb60%\u00bb width_phone=\u00bb60%\u00bb width_last_edited=\u00bbon|desktop\u00bb module_alignment=\u00bbcenter\u00bb custom_padding=\u00bb9px||||false|false\u00bb custom_padding_tablet=\u00bb9px||||false|false\u00bb custom_padding_phone=\u00bb9px|10px||10px|false|true\u00bb custom_padding_last_edited=\u00bbon|phone\u00bb header_3_font_size_tablet=\u00bb\u00bb header_3_font_size_phone=\u00bb20px\u00bb header_3_font_size_last_edited=\u00bbon|phone\u00bb border_radii=\u00bbon|20px|20px|20px|20px\u00bb border_radii_tablet=\u00bbon|20px|20px|20px|20px\u00bb border_radii_phone=\u00bbon|30px|30px|30px|30px\u00bb border_radii_last_edited=\u00bbon|tablet\u00bb global_colors_info=\u00bb{}\u00bb]<\/p>\n<h3>\u00bfCu\u00e1nto dura una sesi\u00f3n?<\/h3>\n<p>[\/et_pb_text][et_pb_text _builder_version=\u00bb4.27.4&#8243; _module_preset=\u00bbdefault\u00bb text_font=\u00bbMontserrat|600|||||||\u00bb text_text_color=\u00bb#FFFFFF\u00bb text_font_size=\u00bb20px\u00bb text_line_height=\u00bb1.4em\u00bb header_font=\u00bb|600|||||||\u00bb header_font_size=\u00bb70px\u00bb text_orientation=\u00bbcenter\u00bb width_tablet=\u00bb100%\u00bb width_phone=\u00bb100%\u00bb width_last_edited=\u00bbon|phone\u00bb text_font_size_tablet=\u00bb18px\u00bb text_font_size_phone=\u00bb15px\u00bb text_font_size_last_edited=\u00bbon|tablet\u00bb header_font_size_tablet=\u00bb50px\u00bb header_font_size_phone=\u00bb40px\u00bb header_font_size_last_edited=\u00bbon|phone\u00bb locked=\u00bboff\u00bb global_colors_info=\u00bb{}\u00bb]<\/p>\n<p class=\"p1\">Entre 30 y 60 minutos, seg\u00fan la f\u00f3rmula y el paciente.<\/p>\n<p>[\/et_pb_text][et_pb_text _builder_version=\u00bb4.27.4&#8243; _module_preset=\u00bbdefault\u00bb text_text_color=\u00bb#FFFFFF\u00bb header_3_font=\u00bbMontserrat|700|||||||\u00bb header_3_text_align=\u00bbcenter\u00bb header_3_text_color=\u00bb#FFFFFF\u00bb background_color=\u00bb#CDA052&#8243; width=\u00bb55%\u00bb width_tablet=\u00bb95%\u00bb width_phone=\u00bb95%\u00bb width_last_edited=\u00bbon|phone\u00bb module_alignment=\u00bbcenter\u00bb custom_padding=\u00bb9px||||false|false\u00bb custom_padding_tablet=\u00bb9px||||false|false\u00bb custom_padding_phone=\u00bb9px|10px||10px|false|true\u00bb custom_padding_last_edited=\u00bbon|phone\u00bb header_3_font_size_tablet=\u00bb\u00bb header_3_font_size_phone=\u00bb20px\u00bb header_3_font_size_last_edited=\u00bbon|phone\u00bb border_radii=\u00bbon|20px|20px|20px|20px\u00bb border_radii_tablet=\u00bbon|20px|20px|20px|20px\u00bb border_radii_phone=\u00bbon|30px|30px|30px|30px\u00bb border_radii_last_edited=\u00bbon|tablet\u00bb global_colors_info=\u00bb{}\u00bb]<\/p>\n<h3>\u00bfSe puede combinar con otros tratamientos?<\/h3>\n<p>[\/et_pb_text][et_pb_text _builder_version=\u00bb4.27.4&#8243; _module_preset=\u00bbdefault\u00bb text_font=\u00bbMontserrat|600|||||||\u00bb text_text_color=\u00bb#FFFFFF\u00bb text_font_size=\u00bb20px\u00bb text_line_height=\u00bb1.4em\u00bb header_font=\u00bb|600|||||||\u00bb header_font_size=\u00bb70px\u00bb text_orientation=\u00bbcenter\u00bb width=\u00bb57%\u00bb width_tablet=\u00bb100%\u00bb width_phone=\u00bb100%\u00bb width_last_edited=\u00bbon|phone\u00bb module_alignment=\u00bbcenter\u00bb text_font_size_tablet=\u00bb18px\u00bb text_font_size_phone=\u00bb15px\u00bb text_font_size_last_edited=\u00bbon|tablet\u00bb header_font_size_tablet=\u00bb50px\u00bb header_font_size_phone=\u00bb40px\u00bb header_font_size_last_edited=\u00bbon|phone\u00bb locked=\u00bboff\u00bb global_colors_info=\u00bb{}\u00bb]<\/p>\n<p class=\"p1\">S\u00ed, de hecho es ideal para potenciar resultados est\u00e9ticos, preparar la piel o recuperarte mejor tras una intervenci\u00f3n.<\/p>\n<p>[\/et_pb_text][et_pb_text _builder_version=\u00bb4.27.4&#8243; _module_preset=\u00bbdefault\u00bb text_text_color=\u00bb#FFFFFF\u00bb header_3_font=\u00bbMontserrat|700|||||||\u00bb header_3_text_align=\u00bbcenter\u00bb header_3_text_color=\u00bb#FFFFFF\u00bb background_color=\u00bb#CDA052&#8243; width=\u00bb55%\u00bb width_tablet=\u00bb95%\u00bb width_phone=\u00bb95%\u00bb width_last_edited=\u00bbon|phone\u00bb module_alignment=\u00bbcenter\u00bb custom_padding=\u00bb9px||||false|false\u00bb custom_padding_tablet=\u00bb9px||||false|false\u00bb custom_padding_phone=\u00bb9px|10px||10px|false|true\u00bb custom_padding_last_edited=\u00bbon|phone\u00bb header_3_font_size_tablet=\u00bb\u00bb header_3_font_size_phone=\u00bb20px\u00bb header_3_font_size_last_edited=\u00bbon|phone\u00bb border_radii=\u00bbon|20px|20px|20px|20px\u00bb border_radii_tablet=\u00bbon|20px|20px|20px|20px\u00bb border_radii_phone=\u00bbon|30px|30px|30px|30px\u00bb border_radii_last_edited=\u00bbon|tablet\u00bb global_colors_info=\u00bb{}\u00bb]<\/p>\n<h3>\u00bfCada cu\u00e1nto debo hacerlo?<\/h3>\n<p>[\/et_pb_text][et_pb_text _builder_version=\u00bb4.27.4&#8243; _module_preset=\u00bbdefault\u00bb text_font=\u00bbMontserrat|600|||||||\u00bb text_text_color=\u00bb#FFFFFF\u00bb text_font_size=\u00bb20px\u00bb text_line_height=\u00bb1.4em\u00bb header_font=\u00bb|600|||||||\u00bb header_font_size=\u00bb70px\u00bb text_orientation=\u00bbcenter\u00bb width=\u00bb57%\u00bb width_tablet=\u00bb100%\u00bb width_phone=\u00bb100%\u00bb width_last_edited=\u00bbon|phone\u00bb module_alignment=\u00bbcenter\u00bb text_font_size_tablet=\u00bb18px\u00bb text_font_size_phone=\u00bb15px\u00bb text_font_size_last_edited=\u00bbon|tablet\u00bb header_font_size_tablet=\u00bb50px\u00bb header_font_size_phone=\u00bb40px\u00bb header_font_size_last_edited=\u00bbon|phone\u00bb locked=\u00bboff\u00bb global_colors_info=\u00bb{}\u00bb]<\/p>\n<p class=\"p1\">Dependiendo de tu situaci\u00f3n, desde una vez puntual hasta planes mensuales o por temporadas.<\/p>\n<p>[\/et_pb_text][\/et_pb_column][\/et_pb_row][\/et_pb_section][et_pb_section fb_built=\u00bb1&#8243; _builder_version=\u00bb4.27.4&#8243; _module_preset=\u00bbdefault\u00bb background_enable_color=\u00bboff\u00bb use_background_color_gradient=\u00bbon\u00bb background_color_gradient_direction=\u00bb90deg\u00bb background_color_gradient_stops=\u00bbrgba(255,255,255,0.85) 60%|#ffffff 100%\u00bb background_color_gradient_start=\u00bbrgba(255,255,255,0.85)\u00bb background_color_gradient_start_position=\u00bb60%\u00bb background_color_gradient_end=\u00bb#ffffff\u00bb background_image=\u00bbhttps:\/\/www.clinicaica.com\/wp-content\/uploads\/2021\/02\/4-1.jpg\u00bb background_position=\u00bbcenter_left\u00bb background_blend=\u00bbscreen\u00bb background_color_tablet=\u00bb#FFFFFF\u00bb background_last_edited=\u00bbon|phone\u00bb background_enable_color_tablet=\u00bbon\u00bb use_background_color_gradient_tablet=\u00bboff\u00bb background_color_gradient_direction_tablet=\u00bb180deg\u00bb background_color_gradient_stops_tablet=\u00bbrgba(119,111,100,0.27) 0%|rgba(0,0,0,0) 2%\u00bb background_color_gradient_start_tablet=\u00bbrgba(119,111,100,0.27)\u00bb background_color_gradient_start_position_tablet=\u00bb0%\u00bb background_color_gradient_end_tablet=\u00bbrgba(0,0,0,0)\u00bb background_color_gradient_end_position_tablet=\u00bb2%\u00bb background_enable_image_tablet=\u00bboff\u00bb background_position_tablet=\u00bbcenter\u00bb da_disable_devices=\u00bboff|off|off\u00bb global_module=\u00bb5945&#8243; global_colors_info=\u00bb{}\u00bb da_is_popup=\u00bboff\u00bb da_exit_intent=\u00bboff\u00bb da_has_close=\u00bbon\u00bb da_alt_close=\u00bboff\u00bb da_dark_close=\u00bboff\u00bb da_not_modal=\u00bbon\u00bb da_is_singular=\u00bboff\u00bb da_with_loader=\u00bboff\u00bb da_has_shadow=\u00bbon\u00bb][et_pb_row _builder_version=\u00bb4.27.4&#8243; _module_preset=\u00bbdefault\u00bb background_color=\u00bbrgba(119,111,100,0.3)\u00bb width=\u00bb45%\u00bb width_tablet=\u00bb85%\u00bb width_phone=\u00bb90%\u00bb width_last_edited=\u00bbon|phone\u00bb border_radii=\u00bbon|20px|20px|20px|20px\u00bb global_colors_info=\u00bb{}\u00bb][et_pb_column type=\u00bb4_4&#8243; _builder_version=\u00bb4.27.4&#8243; _module_preset=\u00bbdefault\u00bb global_colors_info=\u00bb{}\u00bb][et_pb_icon font_icon=\u00bb&#x52;||divi||400&#8243; icon_color=\u00bb#FFFFFF\u00bb icon_width=\u00bb70px\u00bb _builder_version=\u00bb4.27.4&#8243; _module_preset=\u00bbdefault\u00bb background_color=\u00bb#CDA052&#8243; custom_padding=\u00bb25px|25px|25px|25px|true|true\u00bb border_radii=\u00bbon|100%|100%|100%|100%\u00bb global_colors_info=\u00bb{}\u00bb][\/et_pb_icon][et_pb_text _builder_version=\u00bb4.27.4&#8243; _module_preset=\u00bbdefault\u00bb header_5_font=\u00bb|600|||||||\u00bb header_5_text_align=\u00bbcenter\u00bb header_5_text_color=\u00bb#776F64&#8243; header_5_font_size=\u00bb30px\u00bb global_colors_info=\u00bb{}\u00bb]<a name=\"cita\" id=\"cita\"><\/a><\/p>\n<h5>Pre-Reserva de Cita<\/h5>\n<p>[\/et_pb_text][dsm_contact_form_7 cf7_library=\u00bb5936&#8243; button_alignment=\u00bbright\u00bb input_background_color=\u00bb#FFFFFF\u00bb _builder_version=\u00bb4.27.4&#8243; _module_preset=\u00bbdefault\u00bb labels_font=\u00bb&#8211;et_global_body_font||||||||\u00bb labels_text_color=\u00bb#776F64&#8243; labels_font_size=\u00bb17px\u00bb input_textarea_select_font=\u00bb&#8211;et_global_body_font||||||||\u00bb input_textarea_select_text_color=\u00bb#776F64&#8243; placeholder_text_color=\u00bb#000000&#8243; custom_button_one=\u00bbon\u00bb button_one_text_color=\u00bb#FFFFFF\u00bb button_one_bg_color=\u00bb#CDA052&#8243; button_one_border_width=\u00bb1px\u00bb button_one_border_color=\u00bb#FFFFFF\u00bb button_one_font=\u00bbMontserrat|300|||||||\u00bb custom_padding=\u00bb|50px||50px|false|true\u00bb custom_padding_tablet=\u00bb\u00bb custom_padding_phone=\u00bb|15px||15px|false|true\u00bb custom_padding_last_edited=\u00bbon|phone\u00bb global_colors_info=\u00bb{}\u00bb][\/dsm_contact_form_7][\/et_pb_column][\/et_pb_row][\/et_pb_section]<\/p>\n","protected":false},"excerpt":{"rendered":"<p>Medicina Integrativa y Sueroterapia: equilibrio, energ\u00eda y salud desde el interiorFortalece tu sistema inmune, combate el estr\u00e9s oxidativo y potencia tu bienestar con terapias intravenosas personalizadas en un entorno cl\u00ednico seguro.\u00bfQu\u00e9 es la medicina integrativa?La medicina integrativa combina lo mejor de la medicina convencional con terapias complementarias para abordar la salud de forma global: cuerpo, [&hellip;]<\/p>\n","protected":false},"author":13,"featured_media":0,"parent":0,"menu_order":0,"comment_status":"closed","ping_status":"closed","template":"","meta":{"_et_pb_use_builder":"on","_et_pb_old_content":"","_et_gb_content_width":"","_sitemap_exclude":false,"_sitemap_priority":"","_sitemap_frequency":"","_mbp_gutenberg_autopost":false,"_joinchat":[],"footnotes":""},"class_list":["post-6508","page","type-page","status-publish","hentry"],"yoast_head":"<!-- This site is optimized with the Yoast SEO Premium plugin v21.8 (Yoast SEO v27.3) - https:\/\/yoast.com\/product\/yoast-seo-premium-wordpress\/ -->\n<title>Medicina Integrativa en Tenerife - Instituto de Cirug\u00eda Avanzada<\/title>\n<meta name=\"robots\" content=\"index, follow, max-snippet:-1, max-image-preview:large, max-video-preview:-1\" \/>\n<link rel=\"canonical\" href=\"https:\/\/www.clinicaica.com\/de\/medicina-integrativa-tenerife\/\" \/>\n<meta property=\"og:locale\" content=\"de_DE\" \/>\n<meta property=\"og:type\" content=\"article\" \/>\n<meta property=\"og:title\" content=\"Medicina Integrativa en Tenerife - Instituto de Cirug\u00eda Avanzada\" \/>\n<meta property=\"og:description\" content=\"Medicina Integrativa y Sueroterapia: equilibrio, energ\u00eda y salud desde el interiorFortalece tu sistema inmune, combate el estr\u00e9s oxidativo y potencia tu bienestar con terapias intravenosas personalizadas en un entorno cl\u00ednico seguro.\u00bfQu\u00e9 es la medicina integrativa?La medicina integrativa combina lo mejor de la medicina convencional con terapias complementarias para abordar la salud de forma global: cuerpo, [&hellip;]\" \/>\n<meta property=\"og:url\" content=\"https:\/\/www.clinicaica.com\/de\/medicina-integrativa-tenerife\/\" \/>\n<meta property=\"og:site_name\" content=\"Instituto de Cirug\u00eda Avanzada\" \/>\n<meta property=\"article:publisher\" content=\"https:\/\/www.facebook.com\/icaestetica\/\" \/>\n<meta property=\"article:modified_time\" content=\"2026-03-24T20:02:14+00:00\" \/>\n<meta property=\"og:image\" content=\"https:\/\/www.clinicaica.com\/wp-content\/uploads\/2021\/01\/instituto-cirugia-avanzada-ica.png\" \/>\n\t<meta property=\"og:image:width\" content=\"216\" \/>\n\t<meta property=\"og:image:height\" content=\"90\" \/>\n\t<meta property=\"og:image:type\" content=\"image\/png\" \/>\n<meta name=\"twitter:card\" content=\"summary_large_image\" \/>\n<meta name=\"twitter:label1\" content=\"Gesch\u00e4tzte Lesezeit\" \/>\n\t<meta name=\"twitter:data1\" content=\"5\u00a0Minuten\" \/>\n<script type=\"application\/ld+json\" class=\"yoast-schema-graph\">{\"@context\":\"https:\\\/\\\/schema.org\",\"@graph\":[{\"@type\":\"WebPage\",\"@id\":\"https:\\\/\\\/www.clinicaica.com\\\/medicina-integrativa-tenerife\\\/\",\"url\":\"https:\\\/\\\/www.clinicaica.com\\\/medicina-integrativa-tenerife\\\/\",\"name\":\"Medicina Integrativa en Tenerife - Instituto de Cirug\u00eda Avanzada\",\"isPartOf\":{\"@id\":\"https:\\\/\\\/www.clinicaica.com\\\/#website\"},\"datePublished\":\"2025-10-09T00:21:17+00:00\",\"dateModified\":\"2026-03-24T20:02:14+00:00\",\"breadcrumb\":{\"@id\":\"https:\\\/\\\/www.clinicaica.com\\\/medicina-integrativa-tenerife\\\/#breadcrumb\"},\"inLanguage\":\"de\",\"potentialAction\":[{\"@type\":\"ReadAction\",\"target\":[\"https:\\\/\\\/www.clinicaica.com\\\/medicina-integrativa-tenerife\\\/\"]}]},{\"@type\":\"BreadcrumbList\",\"@id\":\"https:\\\/\\\/www.clinicaica.com\\\/medicina-integrativa-tenerife\\\/#breadcrumb\",\"itemListElement\":[{\"@type\":\"ListItem\",\"position\":1,\"name\":\"Portada\",\"item\":\"https:\\\/\\\/www.clinicaica.com\\\/\"},{\"@type\":\"ListItem\",\"position\":2,\"name\":\"Medicina Integrativa en Tenerife\"}]},{\"@type\":\"WebSite\",\"@id\":\"https:\\\/\\\/www.clinicaica.com\\\/#website\",\"url\":\"https:\\\/\\\/www.clinicaica.com\\\/\",\"name\":\"Instituto de Cirug\u00eda Avanzada\",\"description\":\"Medicina Est\u00e9tica en Tenerife y La Palma\",\"publisher\":{\"@id\":\"https:\\\/\\\/www.clinicaica.com\\\/#organization\"},\"alternateName\":\"ICA\",\"potentialAction\":[{\"@type\":\"SearchAction\",\"target\":{\"@type\":\"EntryPoint\",\"urlTemplate\":\"https:\\\/\\\/www.clinicaica.com\\\/?s={search_term_string}\"},\"query-input\":{\"@type\":\"PropertyValueSpecification\",\"valueRequired\":true,\"valueName\":\"search_term_string\"}}],\"inLanguage\":\"de\"},{\"@type\":\"Organization\",\"@id\":\"https:\\\/\\\/www.clinicaica.com\\\/#organization\",\"name\":\"Cl\u00ednicas Est\u00e9ticas en Canarias\",\"alternateName\":\"Cl\u00ednica ICA\",\"url\":\"https:\\\/\\\/www.clinicaica.com\\\/\",\"logo\":{\"@type\":\"ImageObject\",\"inLanguage\":\"de\",\"@id\":\"https:\\\/\\\/www.clinicaica.com\\\/#\\\/schema\\\/logo\\\/image\\\/\",\"url\":\"https:\\\/\\\/www.clinicaica.com\\\/wp-content\\\/uploads\\\/2021\\\/01\\\/instituto-cirugia-avanzada-ica.png\",\"contentUrl\":\"https:\\\/\\\/www.clinicaica.com\\\/wp-content\\\/uploads\\\/2021\\\/01\\\/instituto-cirugia-avanzada-ica.png\",\"width\":216,\"height\":90,\"caption\":\"Cl\u00ednicas Est\u00e9ticas en Canarias\"},\"image\":{\"@id\":\"https:\\\/\\\/www.clinicaica.com\\\/#\\\/schema\\\/logo\\\/image\\\/\"},\"sameAs\":[\"https:\\\/\\\/www.facebook.com\\\/icaestetica\\\/\",\"https:\\\/\\\/www.instagram.com\\\/clinicaica_\\\/\"]}]}<\/script>\n<!-- \/ Yoast SEO Premium plugin. -->","yoast_head_json":{"title":"Medicina Integrativa en Tenerife - Instituto de Cirug\u00eda Avanzada","robots":{"index":"index","follow":"follow","max-snippet":"max-snippet:-1","max-image-preview":"max-image-preview:large","max-video-preview":"max-video-preview:-1"},"canonical":"https:\/\/www.clinicaica.com\/de\/medicina-integrativa-tenerife\/","og_locale":"de_DE","og_type":"article","og_title":"Medicina Integrativa en Tenerife - Instituto de Cirug\u00eda Avanzada","og_description":"Medicina Integrativa y Sueroterapia: equilibrio, energ\u00eda y salud desde el interiorFortalece tu sistema inmune, combate el estr\u00e9s oxidativo y potencia tu bienestar con terapias intravenosas personalizadas en un entorno cl\u00ednico seguro.\u00bfQu\u00e9 es la medicina integrativa?La medicina integrativa combina lo mejor de la medicina convencional con terapias complementarias para abordar la salud de forma global: cuerpo, [&hellip;]","og_url":"https:\/\/www.clinicaica.com\/de\/medicina-integrativa-tenerife\/","og_site_name":"Instituto de Cirug\u00eda Avanzada","article_publisher":"https:\/\/www.facebook.com\/icaestetica\/","article_modified_time":"2026-03-24T20:02:14+00:00","og_image":[{"width":216,"height":90,"url":"https:\/\/www.clinicaica.com\/wp-content\/uploads\/2021\/01\/instituto-cirugia-avanzada-ica.png","type":"image\/png"}],"twitter_card":"summary_large_image","twitter_misc":{"Gesch\u00e4tzte Lesezeit":"5\u00a0Minuten"},"schema":{"@context":"https:\/\/schema.org","@graph":[{"@type":"WebPage","@id":"https:\/\/www.clinicaica.com\/medicina-integrativa-tenerife\/","url":"https:\/\/www.clinicaica.com\/medicina-integrativa-tenerife\/","name":"Medicina Integrativa en Tenerife - Instituto de Cirug\u00eda Avanzada","isPartOf":{"@id":"https:\/\/www.clinicaica.com\/#website"},"datePublished":"2025-10-09T00:21:17+00:00","dateModified":"2026-03-24T20:02:14+00:00","breadcrumb":{"@id":"https:\/\/www.clinicaica.com\/medicina-integrativa-tenerife\/#breadcrumb"},"inLanguage":"de","potentialAction":[{"@type":"ReadAction","target":["https:\/\/www.clinicaica.com\/medicina-integrativa-tenerife\/"]}]},{"@type":"BreadcrumbList","@id":"https:\/\/www.clinicaica.com\/medicina-integrativa-tenerife\/#breadcrumb","itemListElement":[{"@type":"ListItem","position":1,"name":"Portada","item":"https:\/\/www.clinicaica.com\/"},{"@type":"ListItem","position":2,"name":"Medicina Integrativa en Tenerife"}]},{"@type":"WebSite","@id":"https:\/\/www.clinicaica.com\/#website","url":"https:\/\/www.clinicaica.com\/","name":"Instituto de Cirug\u00eda Avanzada","description":"Medicina Est\u00e9tica en Tenerife y La Palma","publisher":{"@id":"https:\/\/www.clinicaica.com\/#organization"},"alternateName":"ICA","potentialAction":[{"@type":"SearchAction","target":{"@type":"EntryPoint","urlTemplate":"https:\/\/www.clinicaica.com\/?s={search_term_string}"},"query-input":{"@type":"PropertyValueSpecification","valueRequired":true,"valueName":"search_term_string"}}],"inLanguage":"de"},{"@type":"Organization","@id":"https:\/\/www.clinicaica.com\/#organization","name":"\u00c4sthetische Kliniken auf den Kanarischen Inseln","alternateName":"Cl\u00ednica ICA","url":"https:\/\/www.clinicaica.com\/","logo":{"@type":"ImageObject","inLanguage":"de","@id":"https:\/\/www.clinicaica.com\/#\/schema\/logo\/image\/","url":"https:\/\/www.clinicaica.com\/wp-content\/uploads\/2021\/01\/instituto-cirugia-avanzada-ica.png","contentUrl":"https:\/\/www.clinicaica.com\/wp-content\/uploads\/2021\/01\/instituto-cirugia-avanzada-ica.png","width":216,"height":90,"caption":"Cl\u00ednicas Est\u00e9ticas en Canarias"},"image":{"@id":"https:\/\/www.clinicaica.com\/#\/schema\/logo\/image\/"},"sameAs":["https:\/\/www.facebook.com\/icaestetica\/","https:\/\/www.instagram.com\/clinicaica_\/"]}]}},"_links":{"self":[{"href":"https:\/\/www.clinicaica.com\/de\/wp-json\/wp\/v2\/pages\/6508","targetHints":{"allow":["GET"]}}],"collection":[{"href":"https:\/\/www.clinicaica.com\/de\/wp-json\/wp\/v2\/pages"}],"about":[{"href":"https:\/\/www.clinicaica.com\/de\/wp-json\/wp\/v2\/types\/page"}],"author":[{"embeddable":true,"href":"https:\/\/www.clinicaica.com\/de\/wp-json\/wp\/v2\/users\/13"}],"replies":[{"embeddable":true,"href":"https:\/\/www.clinicaica.com\/de\/wp-json\/wp\/v2\/comments?post=6508"}],"version-history":[{"count":0,"href":"https:\/\/www.clinicaica.com\/de\/wp-json\/wp\/v2\/pages\/6508\/revisions"}],"wp:attachment":[{"href":"https:\/\/www.clinicaica.com\/de\/wp-json\/wp\/v2\/media?parent=6508"}],"curies":[{"name":"wp","href":"https:\/\/api.w.org\/{rel}","templated":true}]}}